{"id":1676,"date":"2023-04-10T15:32:31","date_gmt":"2023-04-10T13:32:31","guid":{"rendered":"https:\/\/museksschoulhesper.lu\/die-schule\/"},"modified":"2025-08-31T16:21:38","modified_gmt":"2025-08-31T14:21:38","slug":"die-schule","status":"publish","type":"page","link":"https:\/\/museksschoulhesper.lu\/fr\/die-schule\/","title":{"rendered":"Die Schule"},"content":{"rendered":"<p>[et_pb_section fb_built=\u00a0\u00bb1&Prime; _builder_version=\u00a0\u00bb4.20.2&Prime; _module_preset=\u00a0\u00bbdefault\u00a0\u00bb custom_padding=\u00a0\u00bb0px||0px||false|false\u00a0\u00bb global_colors_info=\u00a0\u00bb{}\u00a0\u00bb][et_pb_row _builder_version=\u00a0\u00bb4.20.2&Prime; _module_preset=\u00a0\u00bbdefault\u00a0\u00bb width=\u00a0\u00bb100%\u00a0\u00bb max_width=\u00a0\u00bb100%\u00a0\u00bb global_colors_info=\u00a0\u00bb{}\u00a0\u00bb][et_pb_column type=\u00a0\u00bb4_4&Prime; _builder_version=\u00a0\u00bb4.20.2&Prime; _module_preset=\u00a0\u00bbdefault\u00a0\u00bb global_colors_info=\u00a0\u00bb{}\u00a0\u00bb][wdcl_image_carousel autoplay_speed=\u00a0\u00bb3000ms\u00a0\u00bb nav_pagi=\u00a0\u00bbnone\u00a0\u00bb slide_count=\u00a0\u00bb5&Prime; slide_spacing=\u00a0\u00bb0px\u00a0\u00bb _builder_version=\u00a0\u00bb4.20.2&Prime; _module_preset=\u00a0\u00bbdefault\u00a0\u00bb global_colors_info=\u00a0\u00bb{}\u00a0\u00bb][wdcl_image_carousel_child photo=\u00a0\u00bbhttps:\/\/museksschoulhesper.lu\/wp-content\/uploads\/2023\/04\/Streichinstrumente-Musikkurse-blau.jpg\u00a0\u00bb _builder_version=\u00a0\u00bb4.20.2&Prime; _module_preset=\u00a0\u00bbdefault\u00a0\u00bb global_colors_info=\u00a0\u00bb{}\u00a0\u00bb][\/wdcl_image_carousel_child][wdcl_image_carousel_child photo=\u00a0\u00bbhttps:\/\/museksschoulhesper.lu\/wp-content\/uploads\/2023\/04\/Musikkurse-Blechblaeser-rot.jpg\u00a0\u00bb _builder_version=\u00a0\u00bb4.20.2&Prime; _module_preset=\u00a0\u00bbdefault\u00a0\u00bb global_colors_info=\u00a0\u00bb{}\u00a0\u00bb][\/wdcl_image_carousel_child][wdcl_image_carousel_child photo=\u00a0\u00bbhttps:\/\/museksschoulhesper.lu\/wp-content\/uploads\/2023\/04\/Musikkurse-Blechblaeser-blau.jpg\u00a0\u00bb _builder_version=\u00a0\u00bb4.20.2&Prime; _module_preset=\u00a0\u00bbdefault\u00a0\u00bb global_colors_info=\u00a0\u00bb{}\u00a0\u00bb][\/wdcl_image_carousel_child][wdcl_image_carousel_child photo=\u00a0\u00bbhttps:\/\/museksschoulhesper.lu\/wp-content\/uploads\/2023\/04\/Musikkurse-drums.jpg\u00a0\u00bb _builder_version=\u00a0\u00bb4.20.2&Prime; _module_preset=\u00a0\u00bbdefault\u00a0\u00bb global_colors_info=\u00a0\u00bb{}\u00a0\u00bb][\/wdcl_image_carousel_child][wdcl_image_carousel_child photo=\u00a0\u00bbhttps:\/\/museksschoulhesper.lu\/wp-content\/uploads\/2023\/04\/Orgel-Musikkurs.jpg\u00a0\u00bb _builder_version=\u00a0\u00bb4.20.2&Prime; _module_preset=\u00a0\u00bbdefault\u00a0\u00bb global_colors_info=\u00a0\u00bb{}\u00a0\u00bb][\/wdcl_image_carousel_child][wdcl_image_carousel_child photo=\u00a0\u00bbhttps:\/\/museksschoulhesper.lu\/wp-content\/uploads\/2023\/04\/Klavier-Musikkurse.jpg\u00a0\u00bb _builder_version=\u00a0\u00bb4.20.2&Prime; _module_preset=\u00a0\u00bbdefault\u00a0\u00bb global_colors_info=\u00a0\u00bb{}\u00a0\u00bb][\/wdcl_image_carousel_child][wdcl_image_carousel_child photo=\u00a0\u00bbhttps:\/\/museksschoulhesper.lu\/wp-content\/uploads\/2023\/04\/Musikkurse-Gesang-blau.jpg\u00a0\u00bb _builder_version=\u00a0\u00bb4.20.2&Prime; _module_preset=\u00a0\u00bbdefault\u00a0\u00bb global_colors_info=\u00a0\u00bb{}\u00a0\u00bb][\/wdcl_image_carousel_child][\/wdcl_image_carousel][\/et_pb_column][\/et_pb_row][et_pb_row _builder_version=\u00a0\u00bb4.20.2&Prime; _module_preset=\u00a0\u00bbdefault\u00a0\u00bb global_colors_info=\u00a0\u00bb{}\u00a0\u00bb][et_pb_column type=\u00a0\u00bb4_4&Prime; _builder_version=\u00a0\u00bb4.20.2&Prime; _module_preset=\u00a0\u00bbdefault\u00a0\u00bb global_colors_info=\u00a0\u00bb{}\u00a0\u00bb][et_pb_text _builder_version=\u00a0\u00bb4.20.2&Prime; _module_preset=\u00a0\u00bbdefault\u00a0\u00bb text_font=\u00a0\u00bbPT Sans||||||||\u00a0\u00bb text_font_size=\u00a0\u00bb18px\u00a0\u00bb header_2_font=\u00a0\u00bbPT Sans|700|||||||\u00a0\u00bb header_2_text_align=\u00a0\u00bbcenter\u00a0\u00bb header_2_font_size=\u00a0\u00bb50px\u00a0\u00bb text_orientation=\u00a0\u00bbcenter\u00a0\u00bb global_colors_info=\u00a0\u00bb{}\u00a0\u00bb]<\/p>\n<h2 class=\"title-heading-center fusion-responsive-typography-calculated\">L\u2019 \u00e9cole de musique d\u2019Hesperange \u2013 le lieu o\u00f9 la musique relie les personnes entre elles<\/h2>\n<p>[\/et_pb_text][\/et_pb_column][\/et_pb_row][\/et_pb_section][et_pb_section fb_built=\u00a0\u00bb1&Prime; _builder_version=\u00a0\u00bb4.20.2&Prime; _module_preset=\u00a0\u00bbdefault\u00a0\u00bb custom_padding=\u00a0\u00bb16px|||||\u00a0\u00bb global_colors_info=\u00a0\u00bb{}\u00a0\u00bb][et_pb_row column_structure=\u00a0\u00bb1_2,1_2&Prime; make_equal=\u00a0\u00bbon\u00a0\u00bb module_id=\u00a0\u00bbMusiktheorie\u00a0\u00bb _builder_version=\u00a0\u00bb4.20.2&Prime; _module_preset=\u00a0\u00bbdefault\u00a0\u00bb custom_padding=\u00a0\u00bb||45px|||\u00a0\u00bb global_colors_info=\u00a0\u00bb{}\u00a0\u00bb][et_pb_column type=\u00a0\u00bb1_2&Prime; _builder_version=\u00a0\u00bb4.20.2&Prime; _module_preset=\u00a0\u00bbdefault\u00a0\u00bb global_colors_info=\u00a0\u00bb{}\u00a0\u00bb][et_pb_text _builder_version=\u00a0\u00bb4.20.2&Prime; _module_preset=\u00a0\u00bbdefault\u00a0\u00bb text_font=\u00a0\u00bbPT Sans||||||||\u00a0\u00bb text_font_size=\u00a0\u00bb18px\u00a0\u00bb text_orientation_tablet=\u00a0\u00bb\u00a0\u00bb text_orientation_phone=\u00a0\u00bbcenter\u00a0\u00bb text_orientation_last_edited=\u00a0\u00bbon|phone\u00a0\u00bb global_colors_info=\u00a0\u00bb{}\u00a0\u00bb]<\/p>\n<p>La musique relie les \u00eatres humains, peu importe leur pays ou la langue qu\u2019ils parlent. Tout le monde peut \u00e9couter de la musique, en permanence et n\u2019importe o\u00f9. La musique n\u2019est pas uniquement du texte, mais \u00e9galement du rythme, de l\u2019imagination et des \u00e9motions. C\u2019est tout cela qui forme la musique qui relie les personnes entre elles.   <\/p>\n<p>La musique impr\u00e8gne notre vie et nous accompagne d\u2019une mani\u00e8re tr\u00e8s diverse dans notre vie quotidienne. L\u2019 \u00e9cole de musique d\u2019Hesperange offre la possibilit\u00e9 \u00e0 tous les enfants, adolescents et adultes de <span> <\/span><strong>vivre la musique,<\/strong><span> <\/span><strong>d\u2019apprendre un instrument ou de d\u00e9couvrir leur voix chant\u00e9e.<\/strong><\/p>\n<p>[\/et_pb_text][\/et_pb_column][et_pb_column type=\u00a0\u00bb1_2&Prime; _builder_version=\u00a0\u00bb4.20.2&Prime; _module_preset=\u00a0\u00bbdefault\u00a0\u00bb custom_css_main_element=\u00a0\u00bbdisplay: flex;||justify-content: center;||flex-direction:column;\u00a0\u00bb global_colors_info=\u00a0\u00bb{}\u00a0\u00bb][et_pb_text _builder_version=\u00a0\u00bb4.20.2&Prime; _module_preset=\u00a0\u00bbdefault\u00a0\u00bb header_2_font=\u00a0\u00bbCaveat||||||||\u00a0\u00bb header_2_font_size=\u00a0\u00bb35px\u00a0\u00bb text_orientation=\u00a0\u00bbcenter\u00a0\u00bb global_colors_info=\u00a0\u00bb{}\u00a0\u00bb]<\/p>\n<h2><span>\u00ab La musique est le langage de la passion \u00bb<\/span><\/h2>\n<h2><span>Richard Wagner<\/span><\/h2>\n<p>[\/et_pb_text][\/et_pb_column][\/et_pb_row][et_pb_row _builder_version=\u00a0\u00bb4.20.2&Prime; _module_preset=\u00a0\u00bbdefault\u00a0\u00bb][et_pb_column _builder_version=\u00a0\u00bb4.20.2&Prime; _module_preset=\u00a0\u00bbdefault\u00a0\u00bb type=\u00a0\u00bb4_4&Prime;][et_pb_video src=\u00a0\u00bbhttps:\/\/vimeo.com\/1090735994?share=copy#t=0&Prime; _builder_version=\u00a0\u00bb4.20.2&Prime; _module_preset=\u00a0\u00bbdefault\u00a0\u00bb hover_enabled=\u00a0\u00bb0&Prime; sticky_enabled=\u00a0\u00bb0&Prime;][\/et_pb_video][\/et_pb_column][\/et_pb_row][et_pb_row column_structure=\u00a0\u00bb1_4,1_4,1_2&Prime; use_custom_gutter=\u00a0\u00bbon\u00a0\u00bb gutter_width=\u00a0\u00bb1&Prime; make_equal=\u00a0\u00bbon\u00a0\u00bb _builder_version=\u00a0\u00bb4.20.2&Prime; _module_preset=\u00a0\u00bbdefault\u00a0\u00bb global_colors_info=\u00a0\u00bb{}\u00a0\u00bb][et_pb_column type=\u00a0\u00bb1_4&Prime; _builder_version=\u00a0\u00bb4.20.2&Prime; _module_preset=\u00a0\u00bbdefault\u00a0\u00bb background_enable_color=\u00a0\u00bboff\u00a0\u00bb custom_css_main_element=\u00a0\u00bbdisplay: flex;||justify-content: center;||flex-direction:column;\u00a0\u00bb global_colors_info=\u00a0\u00bb{}\u00a0\u00bb][et_pb_text _builder_version=\u00a0\u00bb4.20.2&Prime; _module_preset=\u00a0\u00bbdefault\u00a0\u00bb header_2_font=\u00a0\u00bbCaveat||||||||\u00a0\u00bb header_2_text_align=\u00a0\u00bbcenter\u00a0\u00bb header_2_text_color=\u00a0\u00bb#FFFFFF\u00a0\u00bb header_2_font_size=\u00a0\u00bb35px\u00a0\u00bb background_enable_color=\u00a0\u00bboff\u00a0\u00bb background_image=\u00a0\u00bbhttps:\/\/museksschoulhesper.lu\/wp-content\/uploads\/2023\/04\/3.png\u00a0\u00bb max_width=\u00a0\u00bb100%\u00a0\u00bb height=\u00a0\u00bb190px\u00a0\u00bb max_height=\u00a0\u00bb1000px\u00a0\u00bb link_option_url=\u00a0\u00bbhttps:\/\/museksschoulhesper.lu\/fr\/nos-professeurs-de-musique\/\u00a0\u00bb custom_css_main_element=\u00a0\u00bbdisplay: flex;||justify-content: center;||flex-direction:column;\u00a0\u00bb header_2_text_shadow_style=\u00a0\u00bbpreset1&Prime; header_2_text_shadow_blur_strength=\u00a0\u00bb0.09em\u00a0\u00bb header_2_text_shadow_color=\u00a0\u00bb#000000&Prime; global_colors_info=\u00a0\u00bb{}\u00a0\u00bb]<\/p>\n<h2>Nos professeurs<\/h2>\n<p>[\/et_pb_text][et_pb_text _builder_version=\u00a0\u00bb4.20.2&Prime; _module_preset=\u00a0\u00bbdefault\u00a0\u00bb header_2_font=\u00a0\u00bbCaveat||||||||\u00a0\u00bb header_2_text_align=\u00a0\u00bbcenter\u00a0\u00bb header_2_text_color=\u00a0\u00bb#FFFFFF\u00a0\u00bb header_2_font_size=\u00a0\u00bb35px\u00a0\u00bb background_enable_color=\u00a0\u00bboff\u00a0\u00bb background_image=\u00a0\u00bbhttps:\/\/museksschoulhesper.lu\/wp-content\/uploads\/2023\/04\/1.png\u00a0\u00bb max_width=\u00a0\u00bb100%\u00a0\u00bb height=\u00a0\u00bb190px\u00a0\u00bb max_height=\u00a0\u00bb1000px\u00a0\u00bb link_option_url=\u00a0\u00bbhttps:\/\/museksschoulhesper.lu\/fr\/histoire\/\u00a0\u00bb custom_css_main_element=\u00a0\u00bbdisplay: flex;||justify-content: center;||flex-direction:column;\u00a0\u00bb header_2_text_shadow_style=\u00a0\u00bbpreset1&Prime; header_2_text_shadow_blur_strength=\u00a0\u00bb0.09em\u00a0\u00bb header_2_text_shadow_color=\u00a0\u00bb#000000&Prime; global_colors_info=\u00a0\u00bb{}\u00a0\u00bb]<\/p>\n<h2>Notre Historique<\/h2>\n<p>[\/et_pb_text][\/et_pb_column][et_pb_column type=\u00a0\u00bb1_4&Prime; _builder_version=\u00a0\u00bb4.20.2&Prime; _module_preset=\u00a0\u00bbdefault\u00a0\u00bb background_enable_color=\u00a0\u00bboff\u00a0\u00bb custom_css_main_element=\u00a0\u00bbdisplay: flex;||justify-content: center;||flex-direction:column;\u00a0\u00bb global_colors_info=\u00a0\u00bb{}\u00a0\u00bb][et_pb_text _builder_version=\u00a0\u00bb4.20.2&Prime; _module_preset=\u00a0\u00bbdefault\u00a0\u00bb header_2_font=\u00a0\u00bbCaveat||||||||\u00a0\u00bb header_2_text_align=\u00a0\u00bbcenter\u00a0\u00bb header_2_text_color=\u00a0\u00bb#FFFFFF\u00a0\u00bb header_2_font_size=\u00a0\u00bb35px\u00a0\u00bb background_enable_color=\u00a0\u00bboff\u00a0\u00bb background_image=\u00a0\u00bbhttps:\/\/museksschoulhesper.lu\/wp-content\/uploads\/2023\/04\/2.png\u00a0\u00bb max_width=\u00a0\u00bb100%\u00a0\u00bb height=\u00a0\u00bb190px\u00a0\u00bb max_height=\u00a0\u00bb1000px\u00a0\u00bb link_option_url=\u00a0\u00bbhttps:\/\/museksschoulhesper.lu\/fr\/direction-secretariat\/\u00a0\u00bb custom_css_main_element=\u00a0\u00bbdisplay: flex;||justify-content: center;||flex-direction:column;\u00a0\u00bb header_2_text_shadow_style=\u00a0\u00bbpreset1&Prime; header_2_text_shadow_blur_strength=\u00a0\u00bb0.09em\u00a0\u00bb header_2_text_shadow_color=\u00a0\u00bb#000000&Prime; global_colors_info=\u00a0\u00bb{}\u00a0\u00bb]<\/p>\n<h2>Direction &amp; Secr\u00e9tariat<\/h2>\n<p>[\/et_pb_text][et_pb_text _builder_version=\u00a0\u00bb4.20.2&Prime; _module_preset=\u00a0\u00bbdefault\u00a0\u00bb header_2_font=\u00a0\u00bbCaveat||||||||\u00a0\u00bb header_2_text_align=\u00a0\u00bbcenter\u00a0\u00bb header_2_text_color=\u00a0\u00bb#FFFFFF\u00a0\u00bb header_2_font_size=\u00a0\u00bb35px\u00a0\u00bb background_enable_color=\u00a0\u00bboff\u00a0\u00bb background_image=\u00a0\u00bbhttps:\/\/museksschoulhesper.lu\/wp-content\/uploads\/2023\/04\/4.png\u00a0\u00bb max_width=\u00a0\u00bb100%\u00a0\u00bb height=\u00a0\u00bb190px\u00a0\u00bb max_height=\u00a0\u00bb1000px\u00a0\u00bb link_option_url=\u00a0\u00bbhttps:\/\/museksschoulhesper.lu\/fr\/partenaires-et-amis\/\u00a0\u00bb custom_css_main_element=\u00a0\u00bbdisplay: flex;||justify-content: center;||flex-direction:column;\u00a0\u00bb header_2_text_shadow_style=\u00a0\u00bbpreset1&Prime; header_2_text_shadow_blur_strength=\u00a0\u00bb0.09em\u00a0\u00bb header_2_text_shadow_color=\u00a0\u00bb#000000&Prime; global_colors_info=\u00a0\u00bb{}\u00a0\u00bb max_height__hover_enabled=\u00a0\u00bboff|desktop\u00a0\u00bb]<\/p>\n<h2>Nos partenaires<\/h2>\n<p>[\/et_pb_text][\/et_pb_column][et_pb_column type=\u00a0\u00bb1_2&Prime; _builder_version=\u00a0\u00bb4.20.2&Prime; _module_preset=\u00a0\u00bbdefault\u00a0\u00bb global_colors_info=\u00a0\u00bb{}\u00a0\u00bb][et_pb_text _builder_version=\u00a0\u00bb4.20.2&Prime; _module_preset=\u00a0\u00bbdefault\u00a0\u00bb text_font=\u00a0\u00bbPT Sans||||||||\u00a0\u00bb text_font_size=\u00a0\u00bb18px\u00a0\u00bb custom_margin_tablet=\u00a0\u00bb\u00a0\u00bb custom_margin_phone=\u00a0\u00bb37px||||false|false\u00a0\u00bb custom_margin_last_edited=\u00a0\u00bbon|phone\u00a0\u00bb custom_padding=\u00a0\u00bb|||40px|false|false\u00a0\u00bb custom_padding_tablet=\u00a0\u00bb|||40px|false|false\u00a0\u00bb custom_padding_phone=\u00a0\u00bb|||0px|false|false\u00a0\u00bb custom_padding_last_edited=\u00a0\u00bbon|phone\u00a0\u00bb text_orientation_tablet=\u00a0\u00bb\u00a0\u00bb text_orientation_phone=\u00a0\u00bbcenter\u00a0\u00bb text_orientation_last_edited=\u00a0\u00bbon|phone\u00a0\u00bb global_colors_info=\u00a0\u00bb{}\u00a0\u00bb]<\/p>\n<p>Jouer de la musique<span> <\/span><strong>renforce des qualit\u00e9s telles que la cr\u00e9ativit\u00e9, la confiance en soi et la responsabilit\u00e9, ainsi que l\u2019esprit d\u2019\u00e9quipe.<\/strong> Le succ\u00e8s que rencontrent les \u00e9l\u00e8ves de notre \u00e9cole de musique parle de lui-m\u00eame. Vous pouvez vous y fier : dans le futur \u00e9galement, nous continuerons d\u2019offrir une offre qualitative et diversifi\u00e9e \u00e0 l\u2019\u00e9cole de musique d\u2019Hesperange avec d\u2019excellents professeurs form\u00e9s !<\/p>\n<p>L\u2019\u00e9quipe de l\u2019\u00e9cole de musique d\u2019Hesperange,<br \/>Diane Adehm, \u00c9chevin, responsable de la \u00e9cole de musique,<br \/>&amp; Marc Lies, Bourgmestre<\/p>\n<p>[\/et_pb_text][\/et_pb_column][\/et_pb_row][\/et_pb_section]<\/p>\n","protected":false},"excerpt":{"rendered":"<p><div class=\"et_pb_module wdcl_image_carousel wdcl_image_carousel_0\">\n\t\t\t\t\n\t\t\t\t\n\t\t\t\t\n\t\t\t\t\n\t\t\t\t\n\t\t\t\t\n\t\t\t\t<div class=\"et_pb_module_inner\">\n\t\t\t\t\t<div dir=\"ltr\" class=\"dcm-container dcm-carousel-maker dcm-lightbox-disabled\" data-pagi=\"false\"\n\t\t\tdata-pagi-tablet=\"false\"\n\t\t\tdata-pagi-phone=\"false\"\n\t\t\tdata-nav=\"false\"\n\t\t\tdata-nav-tablet=\"false\"\n\t\t\tdata-nav-phone=\"false\"\n\t\t\tdata-autoplay=\"on\"\n\t\t\tdata-autoplay-speed=\"3000ms\"\n\t\t\tdata-speed=\"700ms\"\n\t\t\tdata-slides=\"5\"\n\t\t\tdata-slides-tablet=\"5\"\n\t\t\tdata-slides-phone=\"5\"\n\t\t\tdata-center=\"off\"\n\t\t\tdata-center-mode-type=\"classic\"\n\t\t\tdata-center-padding=\"70px||\"\n\t\t\tdata-vertical=\"off\"\n\t\t\tdata-icon-left=\"4\"\n\t\t\tdata-icon-right=\"5\"\n\t\t\tdata-infinite=\"on\"\n\t\t\tdata-variable-width=\"off\"\n\t\t\tdata-auto-height=\"off\"\n\t\t\tdata-items-scroll=\"1||\"\n\t\t\tdata-fade=\"off\"\n\t\t\tdata-dir=\"ltr\">\n                <div class=\"wdcl_image_carousel_child wdcl_image_carousel_child_0 wdc_et_pb_module\">\n\t\t\t\t\n\t\t\t\t\n\t\t\t\t\n\t\t\t\t\n\t\t\t\t\n\t\t\t\t\n\t\t\t\t<div class=\"et_pb_module_inner\">\n\t\t\t\t\t<div class=\"dcm-carousel-item dcm-image-swap dcm-hover--none\">\n\t\t\t\t<figure class=\"dcm-lightbox-ctrl\">\n\t\t\t\t<div class=\"dcm-overlay\" data-icon=\"\"><\/div>\n\t\t\t\t<img decoding=\"async\" class=\"dcm-main-img\" data-mfp-src=\"https:\/\/museksschoulhesper.lu\/wp-content\/uploads\/2023\/04\/Streichinstrumente-Musikkurse-blau.jpg\" src=\"https:\/\/museksschoulhesper.lu\/wp-content\/uploads\/2023\/04\/Streichinstrumente-Musikkurse-blau.jpg\" alt=\"\"\/>\n            <\/figure> \n\t\t\t<\/div>\n\t\t\t\t<\/div>\n\t\t\t<\/div><div class=\"wdcl_image_carousel_child wdcl_image_carousel_child_1 wdc_et_pb_module\">\n\t\t\t\t\n\t\t\t\t\n\t\t\t\t\n\t\t\t\t\n\t\t\t\t\n\t\t\t\t\n\t\t\t\t<div class=\"et_pb_module_inner\">\n\t\t\t\t\t<div class=\"dcm-carousel-item dcm-image-swap dcm-hover--none\">\n\t\t\t\t<figure class=\"dcm-lightbox-ctrl\">\n\t\t\t\t<div class=\"dcm-overlay\" data-icon=\"\"><\/div>\n\t\t\t\t<img decoding=\"async\" class=\"dcm-main-img\" data-mfp-src=\"https:\/\/museksschoulhesper.lu\/wp-content\/uploads\/2023\/04\/Musikkurse-Blechblaeser-rot.jpg\" src=\"https:\/\/museksschoulhesper.lu\/wp-content\/uploads\/2023\/04\/Musikkurse-Blechblaeser-rot.jpg\" alt=\"\"\/>\n            <\/figure> \n\t\t\t<\/div>\n\t\t\t\t<\/div>\n\t\t\t<\/div><div class=\"wdcl_image_carousel_child wdcl_image_carousel_child_2 wdc_et_pb_module\">\n\t\t\t\t\n\t\t\t\t\n\t\t\t\t\n\t\t\t\t\n\t\t\t\t\n\t\t\t\t\n\t\t\t\t<div class=\"et_pb_module_inner\">\n\t\t\t\t\t<div class=\"dcm-carousel-item dcm-image-swap dcm-hover--none\">\n\t\t\t\t<figure class=\"dcm-lightbox-ctrl\">\n\t\t\t\t<div class=\"dcm-overlay\" data-icon=\"\"><\/div>\n\t\t\t\t<img decoding=\"async\" class=\"dcm-main-img\" data-mfp-src=\"https:\/\/museksschoulhesper.lu\/wp-content\/uploads\/2023\/04\/Musikkurse-Blechblaeser-blau.jpg\" src=\"https:\/\/museksschoulhesper.lu\/wp-content\/uploads\/2023\/04\/Musikkurse-Blechblaeser-blau.jpg\" alt=\"\"\/>\n            <\/figure> \n\t\t\t<\/div>\n\t\t\t\t<\/div>\n\t\t\t<\/div><div class=\"wdcl_image_carousel_child wdcl_image_carousel_child_3 wdc_et_pb_module\">\n\t\t\t\t\n\t\t\t\t\n\t\t\t\t\n\t\t\t\t\n\t\t\t\t\n\t\t\t\t\n\t\t\t\t<div class=\"et_pb_module_inner\">\n\t\t\t\t\t<div class=\"dcm-carousel-item dcm-image-swap dcm-hover--none\">\n\t\t\t\t<figure class=\"dcm-lightbox-ctrl\">\n\t\t\t\t<div class=\"dcm-overlay\" data-icon=\"\"><\/div>\n\t\t\t\t<img decoding=\"async\" class=\"dcm-main-img\" data-mfp-src=\"https:\/\/museksschoulhesper.lu\/wp-content\/uploads\/2023\/04\/Musikkurse-drums.jpg\" src=\"https:\/\/museksschoulhesper.lu\/wp-content\/uploads\/2023\/04\/Musikkurse-drums.jpg\" alt=\"\"\/>\n            <\/figure> \n\t\t\t<\/div>\n\t\t\t\t<\/div>\n\t\t\t<\/div><div class=\"wdcl_image_carousel_child wdcl_image_carousel_child_4 wdc_et_pb_module\">\n\t\t\t\t\n\t\t\t\t\n\t\t\t\t\n\t\t\t\t\n\t\t\t\t\n\t\t\t\t\n\t\t\t\t<div class=\"et_pb_module_inner\">\n\t\t\t\t\t<div class=\"dcm-carousel-item dcm-image-swap dcm-hover--none\">\n\t\t\t\t<figure class=\"dcm-lightbox-ctrl\">\n\t\t\t\t<div class=\"dcm-overlay\" data-icon=\"\"><\/div>\n\t\t\t\t<img decoding=\"async\" class=\"dcm-main-img\" data-mfp-src=\"https:\/\/museksschoulhesper.lu\/wp-content\/uploads\/2023\/04\/Orgel-Musikkurs.jpg\" src=\"https:\/\/museksschoulhesper.lu\/wp-content\/uploads\/2023\/04\/Orgel-Musikkurs.jpg\" alt=\"\"\/>\n            <\/figure> \n\t\t\t<\/div>\n\t\t\t\t<\/div>\n\t\t\t<\/div><div class=\"wdcl_image_carousel_child wdcl_image_carousel_child_5 wdc_et_pb_module\">\n\t\t\t\t\n\t\t\t\t\n\t\t\t\t\n\t\t\t\t\n\t\t\t\t\n\t\t\t\t\n\t\t\t\t<div class=\"et_pb_module_inner\">\n\t\t\t\t\t<div class=\"dcm-carousel-item dcm-image-swap dcm-hover--none\">\n\t\t\t\t<figure class=\"dcm-lightbox-ctrl\">\n\t\t\t\t<div class=\"dcm-overlay\" data-icon=\"\"><\/div>\n\t\t\t\t<img decoding=\"async\" class=\"dcm-main-img\" data-mfp-src=\"https:\/\/museksschoulhesper.lu\/wp-content\/uploads\/2023\/04\/Klavier-Musikkurse.jpg\" src=\"https:\/\/museksschoulhesper.lu\/wp-content\/uploads\/2023\/04\/Klavier-Musikkurse.jpg\" alt=\"\"\/>\n            <\/figure> \n\t\t\t<\/div>\n\t\t\t\t<\/div>\n\t\t\t<\/div><div class=\"wdcl_image_carousel_child wdcl_image_carousel_child_6 wdc_et_pb_module\">\n\t\t\t\t\n\t\t\t\t\n\t\t\t\t\n\t\t\t\t\n\t\t\t\t\n\t\t\t\t\n\t\t\t\t<div class=\"et_pb_module_inner\">\n\t\t\t\t\t<div class=\"dcm-carousel-item dcm-image-swap dcm-hover--none\">\n\t\t\t\t<figure class=\"dcm-lightbox-ctrl\">\n\t\t\t\t<div class=\"dcm-overlay\" data-icon=\"\"><\/div>\n\t\t\t\t<img decoding=\"async\" class=\"dcm-main-img\" data-mfp-src=\"https:\/\/museksschoulhesper.lu\/wp-content\/uploads\/2023\/04\/Musikkurse-Gesang-blau.jpg\" src=\"https:\/\/museksschoulhesper.lu\/wp-content\/uploads\/2023\/04\/Musikkurse-Gesang-blau.jpg\" alt=\"\"\/>\n            <\/figure> \n\t\t\t<\/div>\n\t\t\t\t<\/div>\n\t\t\t<\/div>\n            <\/div>\n\t\t\t\t<\/div>\n\t\t\t<\/div>L\u2019 \u00e9cole de musique d\u2019Hesperange \u2013 le lieu o\u00f9 la musique relie les personnes entre ellesLa musique relie les \u00eatres [&hellip;]<\/p>\n","protected":false},"author":1,"featured_media":0,"parent":0,"menu_order":0,"comment_status":"closed","ping_status":"closed","template":"","meta":{"_et_pb_use_builder":"on","_et_pb_old_content":"","_et_gb_content_width":"","footnotes":""},"class_list":["post-1676","page","type-page","status-publish","hentry"],"yoast_head":"<!-- This site is optimized with the Yoast SEO plugin v20.6 - https:\/\/yoast.com\/wordpress\/plugins\/seo\/ -->\n<title>Die Schule - museksschoulhesper.lu<\/title>\n<meta name=\"description\" content=\"Tout savoir sur l\u2019\u00e9cole de musique d\u2019Hesperange : l\u2019\u00e9cole, son histoire, les professeurs et vos interlocuteurs.\" \/>\n<meta name=\"robots\" content=\"index, follow, max-snippet:-1, max-image-preview:large, max-video-preview:-1\" \/>\n<link rel=\"canonical\" href=\"https:\/\/museksschoulhesper.lu\/fr\/die-schule\/\" \/>\n<meta property=\"og:locale\" content=\"fr_FR\" \/>\n<meta property=\"og:type\" content=\"article\" \/>\n<meta property=\"og:title\" content=\"Die Schule - museksschoulhesper.lu\" \/>\n<meta property=\"og:description\" content=\"Tout savoir sur l\u2019\u00e9cole de musique d\u2019Hesperange : l\u2019\u00e9cole, son histoire, les professeurs et vos interlocuteurs.\" \/>\n<meta property=\"og:url\" content=\"https:\/\/museksschoulhesper.lu\/fr\/die-schule\/\" \/>\n<meta property=\"og:site_name\" content=\"museksschoulhesper.lu\" \/>\n<meta property=\"article:modified_time\" content=\"2025-08-31T14:21:38+00:00\" \/>\n<meta name=\"twitter:card\" content=\"summary_large_image\" \/>\n<meta name=\"twitter:label1\" content=\"Dur\u00e9e de lecture estim\u00e9e\" \/>\n\t<meta name=\"twitter:data1\" content=\"3 minutes\" \/>\n<script type=\"application\/ld+json\" class=\"yoast-schema-graph\">{\"@context\":\"https:\/\/schema.org\",\"@graph\":[{\"@type\":\"WebPage\",\"@id\":\"https:\/\/museksschoulhesper.lu\/fr\/die-schule\/\",\"url\":\"https:\/\/museksschoulhesper.lu\/fr\/die-schule\/\",\"name\":\"Die Schule - museksschoulhesper.lu\",\"isPartOf\":{\"@id\":\"https:\/\/museksschoulhesper.lu\/#website\"},\"datePublished\":\"2023-04-10T13:32:31+00:00\",\"dateModified\":\"2025-08-31T14:21:38+00:00\",\"description\":\"Tout savoir sur l\u2019\u00e9cole de musique d\u2019Hesperange : l\u2019\u00e9cole, son histoire, les professeurs et vos interlocuteurs.\",\"breadcrumb\":{\"@id\":\"https:\/\/museksschoulhesper.lu\/fr\/die-schule\/#breadcrumb\"},\"inLanguage\":\"fr-FR\",\"potentialAction\":[{\"@type\":\"ReadAction\",\"target\":[\"https:\/\/museksschoulhesper.lu\/fr\/die-schule\/\"]}]},{\"@type\":\"BreadcrumbList\",\"@id\":\"https:\/\/museksschoulhesper.lu\/fr\/die-schule\/#breadcrumb\",\"itemListElement\":[{\"@type\":\"ListItem\",\"position\":1,\"name\":\"Startseite\",\"item\":\"https:\/\/museksschoulhesper.lu\/fr\/\"},{\"@type\":\"ListItem\",\"position\":2,\"name\":\"Die Schule\"}]},{\"@type\":\"WebSite\",\"@id\":\"https:\/\/museksschoulhesper.lu\/#website\",\"url\":\"https:\/\/museksschoulhesper.lu\/\",\"name\":\"museksschoulhesper.lu\",\"description\":\"\",\"potentialAction\":[{\"@type\":\"SearchAction\",\"target\":{\"@type\":\"EntryPoint\",\"urlTemplate\":\"https:\/\/museksschoulhesper.lu\/?s={search_term_string}\"},\"query-input\":\"required name=search_term_string\"}],\"inLanguage\":\"fr-FR\"}]}<\/script>\n<!-- \/ Yoast SEO plugin. -->","yoast_head_json":{"title":"Die Schule - museksschoulhesper.lu","description":"Tout savoir sur l\u2019\u00e9cole de musique d\u2019Hesperange : l\u2019\u00e9cole, son histoire, les professeurs et vos interlocuteurs.","robots":{"index":"index","follow":"follow","max-snippet":"max-snippet:-1","max-image-preview":"max-image-preview:large","max-video-preview":"max-video-preview:-1"},"canonical":"https:\/\/museksschoulhesper.lu\/fr\/die-schule\/","og_locale":"fr_FR","og_type":"article","og_title":"Die Schule - museksschoulhesper.lu","og_description":"Tout savoir sur l\u2019\u00e9cole de musique d\u2019Hesperange : l\u2019\u00e9cole, son histoire, les professeurs et vos interlocuteurs.","og_url":"https:\/\/museksschoulhesper.lu\/fr\/die-schule\/","og_site_name":"museksschoulhesper.lu","article_modified_time":"2025-08-31T14:21:38+00:00","twitter_card":"summary_large_image","twitter_misc":{"Dur\u00e9e de lecture estim\u00e9e":"3 minutes"},"schema":{"@context":"https:\/\/schema.org","@graph":[{"@type":"WebPage","@id":"https:\/\/museksschoulhesper.lu\/fr\/die-schule\/","url":"https:\/\/museksschoulhesper.lu\/fr\/die-schule\/","name":"Die Schule - museksschoulhesper.lu","isPartOf":{"@id":"https:\/\/museksschoulhesper.lu\/#website"},"datePublished":"2023-04-10T13:32:31+00:00","dateModified":"2025-08-31T14:21:38+00:00","description":"Tout savoir sur l\u2019\u00e9cole de musique d\u2019Hesperange : l\u2019\u00e9cole, son histoire, les professeurs et vos interlocuteurs.","breadcrumb":{"@id":"https:\/\/museksschoulhesper.lu\/fr\/die-schule\/#breadcrumb"},"inLanguage":"fr-FR","potentialAction":[{"@type":"ReadAction","target":["https:\/\/museksschoulhesper.lu\/fr\/die-schule\/"]}]},{"@type":"BreadcrumbList","@id":"https:\/\/museksschoulhesper.lu\/fr\/die-schule\/#breadcrumb","itemListElement":[{"@type":"ListItem","position":1,"name":"Startseite","item":"https:\/\/museksschoulhesper.lu\/fr\/"},{"@type":"ListItem","position":2,"name":"Die Schule"}]},{"@type":"WebSite","@id":"https:\/\/museksschoulhesper.lu\/#website","url":"https:\/\/museksschoulhesper.lu\/","name":"museksschoulhesper.lu","description":"","potentialAction":[{"@type":"SearchAction","target":{"@type":"EntryPoint","urlTemplate":"https:\/\/museksschoulhesper.lu\/?s={search_term_string}"},"query-input":"required name=search_term_string"}],"inLanguage":"fr-FR"}]}},"_links":{"self":[{"href":"https:\/\/museksschoulhesper.lu\/fr\/wp-json\/wp\/v2\/pages\/1676","targetHints":{"allow":["GET"]}}],"collection":[{"href":"https:\/\/museksschoulhesper.lu\/fr\/wp-json\/wp\/v2\/pages"}],"about":[{"href":"https:\/\/museksschoulhesper.lu\/fr\/wp-json\/wp\/v2\/types\/page"}],"author":[{"embeddable":true,"href":"https:\/\/museksschoulhesper.lu\/fr\/wp-json\/wp\/v2\/users\/1"}],"replies":[{"embeddable":true,"href":"https:\/\/museksschoulhesper.lu\/fr\/wp-json\/wp\/v2\/comments?post=1676"}],"version-history":[{"count":9,"href":"https:\/\/museksschoulhesper.lu\/fr\/wp-json\/wp\/v2\/pages\/1676\/revisions"}],"predecessor-version":[{"id":7476,"href":"https:\/\/museksschoulhesper.lu\/fr\/wp-json\/wp\/v2\/pages\/1676\/revisions\/7476"}],"wp:attachment":[{"href":"https:\/\/museksschoulhesper.lu\/fr\/wp-json\/wp\/v2\/media?parent=1676"}],"curies":[{"name":"wp","href":"https:\/\/api.w.org\/{rel}","templated":true}]}}